{"id":1090,"date":"2023-05-08T13:15:27","date_gmt":"2023-05-08T11:15:27","guid":{"rendered":"https:\/\/www.carlosfotografo.com\/?page_id=1090"},"modified":"2023-06-27T21:25:32","modified_gmt":"2023-06-27T19:25:32","slug":"wedding","status":"publish","type":"page","link":"https:\/\/www.carlosfotografo.com\/en\/bodas\/","title":{"rendered":"Wedding"},"content":{"rendered":"<div data-elementor-type=\"wp-page\" data-elementor-id=\"1090\" class=\"elementor elementor-1090\" data-elementor-post-type=\"page\">\n\t\t\t\t\t\t<section class=\"elementor-section elementor-top-section elementor-element elementor-element-4cb0e96a elementor-section-boxed elementor-section-height-default elementor-section-height-default\" data-id=\"4cb0e96a\" data-element_type=\"section\" data-e-type=\"section\" data-settings=\"{&quot;background_background&quot;:&quot;classic&quot;}\">\n\t\t\t\t\t\t\t<div class=\"elementor-background-overlay\"><\/div>\n\t\t\t\t\t\t\t<div class=\"elementor-container elementor-column-gap-no\">\n\t\t\t\t\t<div class=\"elementor-column elementor-col-100 elementor-top-column elementor-element elementor-element-3cc0e550\" data-id=\"3cc0e550\" data-element_type=\"column\" data-e-type=\"column\">\n\t\t\t<div class=\"elementor-widget-wrap\">\n\t\t\t\t\t\t\t<\/div>\n\t\t<\/div>\n\t\t\t\t\t<\/div>\n\t\t<\/section>\n\t\t\t\t<section class=\"elementor-section elementor-top-section elementor-element elementor-element-6f008ce0 elementor-section-boxed elementor-section-height-default elementor-section-height-default\" data-id=\"6f008ce0\" data-element_type=\"section\" data-e-type=\"section\" data-settings=\"{&quot;background_background&quot;:&quot;classic&quot;}\">\n\t\t\t\t\t\t<div class=\"elementor-container elementor-column-gap-default\">\n\t\t\t\t\t<div class=\"elementor-column elementor-col-100 elementor-top-column elementor-element elementor-element-2674a839\" data-id=\"2674a839\" data-element_type=\"column\" data-e-type=\"column\">\n\t\t\t<div class=\"elementor-widget-wrap elementor-element-populated\">\n\t\t\t\t\t\t<div class=\"elementor-element elementor-element-6478aa9d elementor-widget elementor-widget-heading\" data-id=\"6478aa9d\" data-element_type=\"widget\" data-e-type=\"widget\" data-widget_type=\"heading.default\">\n\t\t\t\t<div class=\"elementor-widget-container\">\n\t\t\t\t\t<h1 class=\"elementor-heading-title elementor-size-default\">wedding photography<\/h1>\t\t\t\t<\/div>\n\t\t\t\t<\/div>\n\t\t\t\t<div class=\"elementor-element elementor-element-5457447d elementor-widget elementor-widget-text-editor\" data-id=\"5457447d\" data-element_type=\"widget\" data-e-type=\"widget\" data-widget_type=\"text-editor.default\">\n\t\t\t\t<div class=\"elementor-widget-container\">\n\t\t\t\t\t\t\t\t\t<p>My name is <strong>carlos rodriguez<\/strong>. I have been dedicated to wedding photography for more than 15 years and first of all I want to thank you for coming to my website and going to take a little time to see my work.<\/p><p>I have the door of my studio open since February 2004, and I have always tried <strong>offer a \u201cdifferent\u201d job<\/strong>. Instead of giving you a cumbersome explanation, I prefer that you lose yourself a bit in my photo galleries, where you can find a bit of the essence of my work.<\/p>\t\t\t\t\t\t\t\t<\/div>\n\t\t\t\t<\/div>\n\t\t\t\t<section class=\"elementor-section elementor-inner-section elementor-element elementor-element-799c0872 elementor-section-boxed elementor-section-height-default elementor-section-height-default\" data-id=\"799c0872\" data-element_type=\"section\" data-e-type=\"section\">\n\t\t\t\t\t\t<div class=\"elementor-container elementor-column-gap-default\">\n\t\t\t\t\t<div class=\"elementor-column elementor-col-50 elementor-inner-column elementor-element elementor-element-4840715d\" data-id=\"4840715d\" data-element_type=\"column\" data-e-type=\"column\" data-settings=\"{&quot;background_background&quot;:&quot;classic&quot;}\">\n\t\t\t<div class=\"elementor-widget-wrap elementor-element-populated\">\n\t\t\t\t\t\t<div class=\"elementor-element elementor-element-69e4f3e5 elementor-widget elementor-widget-image\" data-id=\"69e4f3e5\" data-element_type=\"widget\" data-e-type=\"widget\" data-widget_type=\"image.default\">\n\t\t\t\t<div class=\"elementor-widget-container\">\n\t\t\t\t\t\t\t\t\t\t\t\t\t\t\t\t<a href=\"https:\/\/www.carlosfotografo.com\/en\/wedding\/pre-wedding\/\">\n\t\t\t\t\t\t\t<img fetchpriority=\"high\" decoding=\"async\" width=\"1024\" height=\"682\" src=\"https:\/\/www.carlosfotografo.com\/wp-content\/uploads\/2023\/05\/0018.jpg\" class=\"attachment-full size-full wp-image-703\" alt=\"newlyweds posing\" srcset=\"https:\/\/www.carlosfotografo.com\/wp-content\/uploads\/2023\/05\/0018.jpg 1024w, https:\/\/www.carlosfotografo.com\/wp-content\/uploads\/2023\/05\/0018-300x200.jpg 300w, https:\/\/www.carlosfotografo.com\/wp-content\/uploads\/2023\/05\/0018-768x512.jpg 768w, https:\/\/www.carlosfotografo.com\/wp-content\/uploads\/2023\/05\/0018-18x12.jpg 18w\" sizes=\"(max-width: 1024px) 100vw, 1024px\" \/>\t\t\t\t\t\t\t\t<\/a>\n\t\t\t\t\t\t\t\t\t\t\t\t\t\t\t<\/div>\n\t\t\t\t<\/div>\n\t\t\t\t<div class=\"elementor-element elementor-element-1a22ae9f elementor-widget elementor-widget-heading\" data-id=\"1a22ae9f\" data-element_type=\"widget\" data-e-type=\"widget\" data-widget_type=\"heading.default\">\n\t\t\t\t<div class=\"elementor-widget-container\">\n\t\t\t\t\t<h2 class=\"elementor-heading-title elementor-size-large\"><a href=\"https:\/\/www.carlosfotografo.com\/en\/wedding\/pre-wedding\/\">Pre-wedding<\/a><\/h2>\t\t\t\t<\/div>\n\t\t\t\t<\/div>\n\t\t\t\t<div class=\"elementor-element elementor-element-2b8f2277 elementor-widget-divider--view-line elementor-widget elementor-widget-divider\" data-id=\"2b8f2277\" data-element_type=\"widget\" data-e-type=\"widget\" data-widget_type=\"divider.default\">\n\t\t\t\t<div class=\"elementor-widget-container\">\n\t\t\t\t\t\t\t<div class=\"elementor-divider\">\n\t\t\t<span class=\"elementor-divider-separator\">\n\t\t\t\t\t\t<\/span>\n\t\t<\/div>\n\t\t\t\t\t\t<\/div>\n\t\t\t\t<\/div>\n\t\t\t\t<div class=\"elementor-element elementor-element-396fd4f8 elementor-widget elementor-widget-text-editor\" data-id=\"396fd4f8\" data-element_type=\"widget\" data-e-type=\"widget\" data-widget_type=\"text-editor.default\">\n\t\t\t\t<div class=\"elementor-widget-container\">\n\t\t\t\t\t\t\t\t\t<p>He <strong>pre-wedding report<\/strong> It&#039;s one of the best ways I&#039;ve discovered to break down that barrier that sometimes forms between couples and their photographer.<\/p><p>The main purpose is to break the ice, create a climate of trust and relaxation that on the day of the wedding will allow us to generate a <strong>greater complicity<\/strong>.<\/p>\t\t\t\t\t\t\t\t<\/div>\n\t\t\t\t<\/div>\n\t\t\t\t\t<\/div>\n\t\t<\/div>\n\t\t\t\t<div class=\"elementor-column elementor-col-50 elementor-inner-column elementor-element elementor-element-4554a30d\" data-id=\"4554a30d\" data-element_type=\"column\" data-e-type=\"column\" data-settings=\"{&quot;background_background&quot;:&quot;classic&quot;}\">\n\t\t\t<div class=\"elementor-widget-wrap elementor-element-populated\">\n\t\t\t\t\t\t<div class=\"elementor-element elementor-element-708e91ec elementor-widget elementor-widget-image\" data-id=\"708e91ec\" data-element_type=\"widget\" data-e-type=\"widget\" data-widget_type=\"image.default\">\n\t\t\t\t<div class=\"elementor-widget-container\">\n\t\t\t\t\t\t\t\t\t\t\t\t\t\t\t\t<a href=\"https:\/\/www.carlosfotografo.com\/en\/wedding\/getting-ready\/\">\n\t\t\t\t\t\t\t<img decoding=\"async\" width=\"1024\" height=\"722\" src=\"https:\/\/www.carlosfotografo.com\/wp-content\/uploads\/2023\/05\/Pre-102.jpg\" class=\"attachment-large size-large wp-image-723\" alt=\"Bride looking in the mirror\" srcset=\"https:\/\/www.carlosfotografo.com\/wp-content\/uploads\/2023\/05\/Pre-102.jpg 1024w, https:\/\/www.carlosfotografo.com\/wp-content\/uploads\/2023\/05\/Pre-102-300x212.jpg 300w, https:\/\/www.carlosfotografo.com\/wp-content\/uploads\/2023\/05\/Pre-102-768x542.jpg 768w, https:\/\/www.carlosfotografo.com\/wp-content\/uploads\/2023\/05\/Pre-102-18x12.jpg 18w\" sizes=\"(max-width: 1024px) 100vw, 1024px\" \/>\t\t\t\t\t\t\t\t<\/a>\n\t\t\t\t\t\t\t\t\t\t\t\t\t\t\t<\/div>\n\t\t\t\t<\/div>\n\t\t\t\t<div class=\"elementor-element elementor-element-3a2d7270 elementor-widget elementor-widget-heading\" data-id=\"3a2d7270\" data-element_type=\"widget\" data-e-type=\"widget\" data-widget_type=\"heading.default\">\n\t\t\t\t<div class=\"elementor-widget-container\">\n\t\t\t\t\t<h2 class=\"elementor-heading-title elementor-size-large\"><a href=\"https:\/\/www.carlosfotografo.com\/en\/wedding\/getting-ready\/\">Getting ready<\/a><\/h2>\t\t\t\t<\/div>\n\t\t\t\t<\/div>\n\t\t\t\t<div class=\"elementor-element elementor-element-6ec6a34f elementor-widget-divider--view-line elementor-widget elementor-widget-divider\" data-id=\"6ec6a34f\" data-element_type=\"widget\" data-e-type=\"widget\" data-widget_type=\"divider.default\">\n\t\t\t\t<div class=\"elementor-widget-container\">\n\t\t\t\t\t\t\t<div class=\"elementor-divider\">\n\t\t\t<span class=\"elementor-divider-separator\">\n\t\t\t\t\t\t<\/span>\n\t\t<\/div>\n\t\t\t\t\t\t<\/div>\n\t\t\t\t<\/div>\n\t\t\t\t<div class=\"elementor-element elementor-element-62e887e9 elementor-widget elementor-widget-text-editor\" data-id=\"62e887e9\" data-element_type=\"widget\" data-e-type=\"widget\" data-widget_type=\"text-editor.default\">\n\t\t\t\t<div class=\"elementor-widget-container\">\n\t\t\t\t\t\t\t\t\t<p>Here you can see those <strong>moments of intimacy<\/strong> where everything begins The nerves, the details, all those little things that you have chosen with such care.<\/p><p>I like to capture that moment in which everything begins, in which you begin to be aware that the day you have been dreaming of for so long is finally <strong>has arrived<\/strong>.<\/p>\t\t\t\t\t\t\t\t<\/div>\n\t\t\t\t<\/div>\n\t\t\t\t\t<\/div>\n\t\t<\/div>\n\t\t\t\t\t<\/div>\n\t\t<\/section>\n\t\t\t\t<section class=\"elementor-section elementor-inner-section elementor-element elementor-element-24e391dd elementor-section-boxed elementor-section-height-default elementor-section-height-default\" data-id=\"24e391dd\" data-element_type=\"section\" data-e-type=\"section\">\n\t\t\t\t\t\t<div class=\"elementor-container elementor-column-gap-default\">\n\t\t\t\t\t<div class=\"elementor-column elementor-col-50 elementor-inner-column elementor-element elementor-element-3f01b7b9\" data-id=\"3f01b7b9\" data-element_type=\"column\" data-e-type=\"column\" data-settings=\"{&quot;background_background&quot;:&quot;classic&quot;}\">\n\t\t\t<div class=\"elementor-widget-wrap elementor-element-populated\">\n\t\t\t\t\t\t<div class=\"elementor-element elementor-element-cd50da8 elementor-widget elementor-widget-image\" data-id=\"cd50da8\" data-element_type=\"widget\" data-e-type=\"widget\" data-widget_type=\"image.default\">\n\t\t\t\t<div class=\"elementor-widget-container\">\n\t\t\t\t\t\t\t\t\t\t\t\t\t\t\t\t<a href=\"https:\/\/www.carlosfotografo.com\/en\/wedding\/you-and-i\/\">\n\t\t\t\t\t\t\t<img decoding=\"async\" width=\"1024\" height=\"678\" src=\"https:\/\/www.carlosfotografo.com\/wp-content\/uploads\/2023\/05\/bod-210.jpg\" class=\"attachment-full size-full wp-image-762\" alt=\"newlyweds posing\" srcset=\"https:\/\/www.carlosfotografo.com\/wp-content\/uploads\/2023\/05\/bod-210.jpg 1024w, https:\/\/www.carlosfotografo.com\/wp-content\/uploads\/2023\/05\/bod-210-300x199.jpg 300w, https:\/\/www.carlosfotografo.com\/wp-content\/uploads\/2023\/05\/bod-210-768x509.jpg 768w, https:\/\/www.carlosfotografo.com\/wp-content\/uploads\/2023\/05\/bod-210-18x12.jpg 18w\" sizes=\"(max-width: 1024px) 100vw, 1024px\" \/>\t\t\t\t\t\t\t\t<\/a>\n\t\t\t\t\t\t\t\t\t\t\t\t\t\t\t<\/div>\n\t\t\t\t<\/div>\n\t\t\t\t<div class=\"elementor-element elementor-element-3236c363 elementor-widget elementor-widget-heading\" data-id=\"3236c363\" data-element_type=\"widget\" data-e-type=\"widget\" data-widget_type=\"heading.default\">\n\t\t\t\t<div class=\"elementor-widget-container\">\n\t\t\t\t\t<h2 class=\"elementor-heading-title elementor-size-large\"><a href=\"https:\/\/www.carlosfotografo.com\/en\/wedding\/you-and-i\/\">You and I<\/a><\/h2>\t\t\t\t<\/div>\n\t\t\t\t<\/div>\n\t\t\t\t<div class=\"elementor-element elementor-element-3380249d elementor-widget-divider--view-line elementor-widget elementor-widget-divider\" data-id=\"3380249d\" data-element_type=\"widget\" data-e-type=\"widget\" data-widget_type=\"divider.default\">\n\t\t\t\t<div class=\"elementor-widget-container\">\n\t\t\t\t\t\t\t<div class=\"elementor-divider\">\n\t\t\t<span class=\"elementor-divider-separator\">\n\t\t\t\t\t\t<\/span>\n\t\t<\/div>\n\t\t\t\t\t\t<\/div>\n\t\t\t\t<\/div>\n\t\t\t\t<div class=\"elementor-element elementor-element-1e72029a elementor-widget elementor-widget-text-editor\" data-id=\"1e72029a\" data-element_type=\"widget\" data-e-type=\"widget\" data-widget_type=\"text-editor.default\">\n\t\t\t\t<div class=\"elementor-widget-container\">\n\t\t\t\t\t\t\t\t\t<p>Here you will find your <strong>couple moment<\/strong>, that moment when we will be alone with the camera, the dreaded \u201cposed\u201d\u2026<\/p><p>Photographing weddings is much more than making a couple pose, I don&#039;t even need them to pose, for me a good wedding job is based on two words, simplicity and confidence. I just want you to be <strong>yourselves<\/strong>.<\/p>\t\t\t\t\t\t\t\t<\/div>\n\t\t\t\t<\/div>\n\t\t\t\t\t<\/div>\n\t\t<\/div>\n\t\t\t\t<div class=\"elementor-column elementor-col-50 elementor-inner-column elementor-element elementor-element-5cdc7132\" data-id=\"5cdc7132\" data-element_type=\"column\" data-e-type=\"column\" data-settings=\"{&quot;background_background&quot;:&quot;classic&quot;}\">\n\t\t\t<div class=\"elementor-widget-wrap elementor-element-populated\">\n\t\t\t\t\t\t<div class=\"elementor-element elementor-element-6f6d4a03 elementor-widget elementor-widget-image\" data-id=\"6f6d4a03\" data-element_type=\"widget\" data-e-type=\"widget\" data-widget_type=\"image.default\">\n\t\t\t\t<div class=\"elementor-widget-container\">\n\t\t\t\t\t\t\t\t\t\t\t\t\t\t\t\t<a href=\"https:\/\/www.carlosfotografo.com\/en\/wedding\/with-ours\/\">\n\t\t\t\t\t\t\t<img loading=\"lazy\" decoding=\"async\" width=\"1024\" height=\"667\" src=\"https:\/\/www.carlosfotografo.com\/wp-content\/uploads\/2023\/05\/CNG-037.jpg\" class=\"attachment-large size-large wp-image-853\" alt=\"Family members hugging the groom\" srcset=\"https:\/\/www.carlosfotografo.com\/wp-content\/uploads\/2023\/05\/CNG-037.jpg 1024w, https:\/\/www.carlosfotografo.com\/wp-content\/uploads\/2023\/05\/CNG-037-300x195.jpg 300w, https:\/\/www.carlosfotografo.com\/wp-content\/uploads\/2023\/05\/CNG-037-768x500.jpg 768w, https:\/\/www.carlosfotografo.com\/wp-content\/uploads\/2023\/05\/CNG-037-18x12.jpg 18w\" sizes=\"(max-width: 1024px) 100vw, 1024px\" \/>\t\t\t\t\t\t\t\t<\/a>\n\t\t\t\t\t\t\t\t\t\t\t\t\t\t\t<\/div>\n\t\t\t\t<\/div>\n\t\t\t\t<div class=\"elementor-element elementor-element-7993bd65 elementor-widget elementor-widget-heading\" data-id=\"7993bd65\" data-element_type=\"widget\" data-e-type=\"widget\" data-widget_type=\"heading.default\">\n\t\t\t\t<div class=\"elementor-widget-container\">\n\t\t\t\t\t<h2 class=\"elementor-heading-title elementor-size-large\"><a href=\"https:\/\/www.carlosfotografo.com\/en\/wedding\/with-ours\/\">With ours<\/a><\/h2>\t\t\t\t<\/div>\n\t\t\t\t<\/div>\n\t\t\t\t<div class=\"elementor-element elementor-element-3cf042af elementor-widget-divider--view-line elementor-widget elementor-widget-divider\" data-id=\"3cf042af\" data-element_type=\"widget\" data-e-type=\"widget\" data-widget_type=\"divider.default\">\n\t\t\t\t<div class=\"elementor-widget-container\">\n\t\t\t\t\t\t\t<div class=\"elementor-divider\">\n\t\t\t<span class=\"elementor-divider-separator\">\n\t\t\t\t\t\t<\/span>\n\t\t<\/div>\n\t\t\t\t\t\t<\/div>\n\t\t\t\t<\/div>\n\t\t\t\t<div class=\"elementor-element elementor-element-bd0a0b3 elementor-widget elementor-widget-text-editor\" data-id=\"bd0a0b3\" data-element_type=\"widget\" data-e-type=\"widget\" data-widget_type=\"text-editor.default\">\n\t\t\t\t<div class=\"elementor-widget-container\">\n\t\t\t\t\t\t\t\t\t<p>In short, what is a wedding? Is a <strong>celebration<\/strong> with your people, your friends, your relatives, your loved ones...<\/p><p>I love being the witness of all those emotions, those gestures, those laughs, those tears... I will record all that for you, for your people and <strong>forever<\/strong>.<\/p>\t\t\t\t\t\t\t\t<\/div>\n\t\t\t\t<\/div>\n\t\t\t\t\t<\/div>\n\t\t<\/div>\n\t\t\t\t\t<\/div>\n\t\t<\/section>\n\t\t\t\t<div class=\"elementor-element elementor-element-5f5cd9c7 elementor-align-center elementor-widget elementor-widget-button\" data-id=\"5f5cd9c7\" data-element_type=\"widget\" data-e-type=\"widget\" data-widget_type=\"button.default\">\n\t\t\t\t<div class=\"elementor-widget-container\">\n\t\t\t\t\t\t\t\t\t<div class=\"elementor-button-wrapper\">\n\t\t\t\t\t<a class=\"elementor-button elementor-button-link elementor-size-sm\" href=\"https:\/\/www.carlosfotografo.com\/en\/reserve\/\">\n\t\t\t\t\t\t<span class=\"elementor-button-content-wrapper\">\n\t\t\t\t\t\t\t\t\t<span class=\"elementor-button-text\">Check your date without obligation<\/span>\n\t\t\t\t\t<\/span>\n\t\t\t\t\t<\/a>\n\t\t\t\t<\/div>\n\t\t\t\t\t\t\t\t<\/div>\n\t\t\t\t<\/div>\n\t\t\t\t\t<\/div>\n\t\t<\/div>\n\t\t\t\t\t<\/div>\n\t\t<\/section>\n\t\t\t\t<section class=\"elementor-section elementor-top-section elementor-element elementor-element-29d7e8d7 elementor-section-boxed elementor-section-height-default elementor-section-height-default\" data-id=\"29d7e8d7\" data-element_type=\"section\" data-e-type=\"section\">\n\t\t\t\t\t\t<div class=\"elementor-container elementor-column-gap-no\">\n\t\t\t\t\t<div class=\"elementor-column elementor-col-100 elementor-top-column elementor-element elementor-element-378b1664\" data-id=\"378b1664\" data-element_type=\"column\" data-e-type=\"column\">\n\t\t\t<div class=\"elementor-widget-wrap elementor-element-populated\">\n\t\t\t\t\t\t<section class=\"elementor-section elementor-inner-section elementor-element elementor-element-63bf1703 elementor-section-boxed elementor-section-height-default elementor-section-height-default\" data-id=\"63bf1703\" data-element_type=\"section\" data-e-type=\"section\">\n\t\t\t\t\t\t<div class=\"elementor-container elementor-column-gap-no\">\n\t\t\t\t\t<div class=\"elementor-column elementor-col-100 elementor-inner-column elementor-element elementor-element-6860400b\" data-id=\"6860400b\" data-element_type=\"column\" data-e-type=\"column\">\n\t\t\t<div class=\"elementor-widget-wrap elementor-element-populated\">\n\t\t\t\t\t\t<div class=\"elementor-element elementor-element-2775806e elementor-widget elementor-widget-heading\" data-id=\"2775806e\" data-element_type=\"widget\" data-e-type=\"widget\" data-widget_type=\"heading.default\">\n\t\t\t\t<div class=\"elementor-widget-container\">\n\t\t\t\t\t<h2 class=\"elementor-heading-title elementor-size-default\">about my weddings<\/h2>\t\t\t\t<\/div>\n\t\t\t\t<\/div>\n\t\t\t\t<div class=\"elementor-element elementor-element-174f99c0 elementor-widget-divider--view-line elementor-widget elementor-widget-divider\" data-id=\"174f99c0\" data-element_type=\"widget\" data-e-type=\"widget\" data-widget_type=\"divider.default\">\n\t\t\t\t<div class=\"elementor-widget-container\">\n\t\t\t\t\t\t\t<div class=\"elementor-divider\">\n\t\t\t<span class=\"elementor-divider-separator\">\n\t\t\t\t\t\t<\/span>\n\t\t<\/div>\n\t\t\t\t\t\t<\/div>\n\t\t\t\t<\/div>\n\t\t\t\t<div class=\"elementor-element elementor-element-5a8b6cf2 elementor-widget elementor-widget-text-editor\" data-id=\"5a8b6cf2\" data-element_type=\"widget\" data-e-type=\"widget\" data-widget_type=\"text-editor.default\">\n\t\t\t\t<div class=\"elementor-widget-container\">\n\t\t\t\t\t\t\t\t\t<p><strong>the day of your wedding<\/strong> It is one of the most important days of your life, a day that you have prepared with care, taking care of the details and taking hours from where there are none. You have made a great effort for that day, for those hours that you should only spend enjoying with your people.<\/p>\t\t\t\t\t\t\t\t<\/div>\n\t\t\t\t<\/div>\n\t\t\t\t\t<\/div>\n\t\t<\/div>\n\t\t\t\t\t<\/div>\n\t\t<\/section>\n\t\t\t\t<div class=\"elementor-element elementor-element-7d8235ea elementor-widget elementor-widget-image\" data-id=\"7d8235ea\" data-element_type=\"widget\" data-e-type=\"widget\" data-widget_type=\"image.default\">\n\t\t\t\t<div class=\"elementor-widget-container\">\n\t\t\t\t\t\t\t\t\t\t\t\t\t\t\t<img loading=\"lazy\" decoding=\"async\" width=\"1024\" height=\"341\" src=\"https:\/\/www.carlosfotografo.com\/wp-content\/uploads\/2023\/05\/web-01.jpg\" class=\"attachment-full size-full wp-image-1014\" alt=\"Bride and groom before entering the church\" srcset=\"https:\/\/www.carlosfotografo.com\/wp-content\/uploads\/2023\/05\/web-01.jpg 1024w, https:\/\/www.carlosfotografo.com\/wp-content\/uploads\/2023\/05\/web-01-300x100.jpg 300w, https:\/\/www.carlosfotografo.com\/wp-content\/uploads\/2023\/05\/web-01-768x256.jpg 768w, https:\/\/www.carlosfotografo.com\/wp-content\/uploads\/2023\/05\/web-01-18x6.jpg 18w\" sizes=\"(max-width: 1024px) 100vw, 1024px\" \/>\t\t\t\t\t\t\t\t\t\t\t\t\t\t\t<\/div>\n\t\t\t\t<\/div>\n\t\t\t\t<section class=\"elementor-section elementor-inner-section elementor-element elementor-element-486196b3 elementor-section-boxed elementor-section-height-default elementor-section-height-default\" data-id=\"486196b3\" data-element_type=\"section\" data-e-type=\"section\">\n\t\t\t\t\t\t<div class=\"elementor-container elementor-column-gap-no\">\n\t\t\t\t\t<div class=\"elementor-column elementor-col-100 elementor-inner-column elementor-element elementor-element-4631388c\" data-id=\"4631388c\" data-element_type=\"column\" data-e-type=\"column\">\n\t\t\t<div class=\"elementor-widget-wrap elementor-element-populated\">\n\t\t\t\t\t\t<div class=\"elementor-element elementor-element-1ea1f960 elementor-widget elementor-widget-text-editor\" data-id=\"1ea1f960\" data-element_type=\"widget\" data-e-type=\"widget\" data-widget_type=\"text-editor.default\">\n\t\t\t\t<div class=\"elementor-widget-container\">\n\t\t\t\t\t\t\t\t\t<p>Want to be <strong>the best witness<\/strong> of your wedding, the person who records all those details, all those moments. I want to tell the story of your day, your story, with all the little things that make you <strong>different<\/strong>. I want every time you see your report again, the memories and emotions of that day come back to your heads.<\/p><p>He took <strong>more than ten years<\/strong> immersed in the world of weddings, with the constant obsession to deliver original works that reflect in the best possible way all those nuances that make you different from you and make your wedding day different.<\/p><p><strong>no two couples are the same<\/strong>, everyone has their preferences, their tastes and their priorities but not all photographers are the same.<\/p>\t\t\t\t\t\t\t\t<\/div>\n\t\t\t\t<\/div>\n\t\t\t\t<div class=\"elementor-element elementor-element-5d5b5f5b elementor-widget elementor-widget-heading\" data-id=\"5d5b5f5b\" data-element_type=\"widget\" data-e-type=\"widget\" data-widget_type=\"heading.default\">\n\t\t\t\t<div class=\"elementor-widget-container\">\n\t\t\t\t\t<h2 class=\"elementor-heading-title elementor-size-default\">naturalness and confidence<\/h2>\t\t\t\t<\/div>\n\t\t\t\t<\/div>\n\t\t\t\t<div class=\"elementor-element elementor-element-40e95077 elementor-widget-divider--view-line elementor-widget elementor-widget-divider\" data-id=\"40e95077\" data-element_type=\"widget\" data-e-type=\"widget\" data-widget_type=\"divider.default\">\n\t\t\t\t<div class=\"elementor-widget-container\">\n\t\t\t\t\t\t\t<div class=\"elementor-divider\">\n\t\t\t<span class=\"elementor-divider-separator\">\n\t\t\t\t\t\t<\/span>\n\t\t<\/div>\n\t\t\t\t\t\t<\/div>\n\t\t\t\t<\/div>\n\t\t\t\t<div class=\"elementor-element elementor-element-466a6fd3 elementor-widget elementor-widget-text-editor\" data-id=\"466a6fd3\" data-element_type=\"widget\" data-e-type=\"widget\" data-widget_type=\"text-editor.default\">\n\t\t\t\t<div class=\"elementor-widget-container\">\n\t\t\t\t\t\t\t\t\t<p>My photographic style is based on two concepts: naturalness and confidence.&nbsp;<strong style=\"font-style: inherit; color: var(--ast-global-color-8);\">Naturalness<\/strong><span style=\"font-style: inherit; color: var(--ast-global-color-8);\"> to work, without strange poses or repeating a photo over and over again, ad nauseam\u2026.<\/span><\/p>\n<p>AND <strong>trust<\/strong> because on the wedding day I don&#039;t like to be a stranger who orders and commands, I prefer to be one more with whom you have the necessary confidence to be able to be comfortable. On the wedding day it is very important for me to blur the professional\/client line to achieve the greatest naturalness in my work.<\/p>\n<p><strong>enjoy your day<\/strong>. In the end, all that months of preparation is reduced to that day, a few hours and all you have to worry about is enjoying yourself.<\/p>\n<p>Look for your photographer, we are hundreds, but look for him by being clear about what you are looking for and what you value in the work of a photographer. <strong>we are not all the same<\/strong>.<\/p>\n<p>Talk later?<\/p>\t\t\t\t\t\t\t\t<\/div>\n\t\t\t\t<\/div>\n\t\t\t\t\t<\/div>\n\t\t<\/div>\n\t\t\t\t\t<\/div>\n\t\t<\/section>\n\t\t\t\t<div class=\"elementor-element elementor-element-21c5ba4 elementor-align-center elementor-widget elementor-widget-button\" data-id=\"21c5ba4\" data-element_type=\"widget\" data-e-type=\"widget\" data-widget_type=\"button.default\">\n\t\t\t\t<div class=\"elementor-widget-container\">\n\t\t\t\t\t\t\t\t\t<div class=\"elementor-button-wrapper\">\n\t\t\t\t\t<a class=\"elementor-button elementor-button-link elementor-size-sm\" href=\"https:\/\/www.carlosfotografo.com\/en\/reserve\/\">\n\t\t\t\t\t\t<span class=\"elementor-button-content-wrapper\">\n\t\t\t\t\t\t\t\t\t<span class=\"elementor-button-text\">Check your date without obligation<\/span>\n\t\t\t\t\t<\/span>\n\t\t\t\t\t<\/a>\n\t\t\t\t<\/div>\n\t\t\t\t\t\t\t\t<\/div>\n\t\t\t\t<\/div>\n\t\t\t\t\t<\/div>\n\t\t<\/div>\n\t\t\t\t\t<\/div>\n\t\t<\/section>\n\t\t\t\t<\/div>","protected":false},"excerpt":{"rendered":"<p>Fotograf\u00eda de bodas Mi nombre es Carlos Rodr\u00edguez. Llevo dedicado a la fotograf\u00eda de bodas desde hace m\u00e1s de 15 a\u00f1os\u00a0y antes de nada quiero agradecerte que hayas llegado a mi web y vayas a dedicar un poco de tiempo a ver mi trabajo. Tengo la puerta de mi estudio abierta desde Febrero del 2004, [&hellip;]<\/p>\n","protected":false},"author":1,"featured_media":0,"parent":0,"menu_order":2,"comment_status":"closed","ping_status":"closed","template":"","meta":{"site-sidebar-layout":"no-sidebar","site-content-layout":"page-builder","ast-site-content-layout":"default","site-content-style":"default","site-sidebar-style":"default","ast-global-header-display":"","ast-banner-title-visibility":"","ast-main-header-display":"","ast-hfb-above-header-display":"","ast-hfb-below-header-display":"","ast-hfb-mobile-header-display":"","site-post-title":"disabled","ast-breadcrumbs-content":"","ast-featured-img":"disabled","footer-sml-layout":"","ast-disable-related-posts":"","theme-transparent-header-meta":"default","adv-header-id-meta":"","stick-header-meta":"","header-above-stick-meta":"","header-main-stick-meta":"","header-below-stick-meta":"","astra-migrate-meta-layouts":"default","ast-page-background-enabled":"default","ast-page-background-meta":{"desktop":{"background-color":"","background-image":"","background-repeat":"repeat","background-position":"center center","background-size":"auto","background-attachment":"scroll","background-type":"","background-media":"","overlay-type":"","overlay-color":"","overlay-opacity":"","overlay-gradient":""},"tablet":{"background-color":"","background-image":"","background-repeat":"repeat","background-position":"center center","background-size":"auto","background-attachment":"scroll","background-type":"","background-media":"","overlay-type":"","overlay-color":"","overlay-opacity":"","overlay-gradient":""},"mobile":{"background-color":"","background-image":"","background-repeat":"repeat","background-position":"center center","background-size":"auto","background-attachment":"scroll","background-type":"","background-media":"","overlay-type":"","overlay-color":"","overlay-opacity":"","overlay-gradient":""}},"ast-content-background-meta":{"desktop":{"background-color":"var(--ast-global-color-5)","background-image":"","background-repeat":"repeat","background-position":"center center","background-size":"auto","background-attachment":"scroll","background-type":"","background-media":"","overlay-type":"","overlay-color":"","overlay-opacity":"","overlay-gradient":""},"tablet":{"background-color":"var(--ast-global-color-5)","background-image":"","background-repeat":"repeat","background-position":"center center","background-size":"auto","background-attachment":"scroll","background-type":"","background-media":"","overlay-type":"","overlay-color":"","overlay-opacity":"","overlay-gradient":""},"mobile":{"background-color":"var(--ast-global-color-5)","background-image":"","background-repeat":"repeat","background-position":"center center","background-size":"auto","background-attachment":"scroll","background-type":"","background-media":"","overlay-type":"","overlay-color":"","overlay-opacity":"","overlay-gradient":""}},"footnotes":""},"class_list":["post-1090","page","type-page","status-publish","hentry"],"yoast_head":"<!-- This site is optimized with the Yoast SEO plugin v27.4 - https:\/\/yoast.com\/product\/yoast-seo-wordpress\/ -->\n<title>Bodas - Carlos Rodriguez<\/title>\n<meta name=\"description\" content=\"Llevo dedicado a la fotograf\u00eda de bodas desde hace m\u00e1s de 15 a\u00f1os y antes de nada quiero agradecerte que hayas llegado a mi web.\" \/>\n<meta name=\"robots\" content=\"index, follow, max-snippet:-1, max-image-preview:large, max-video-preview:-1\" \/>\n<link rel=\"canonical\" href=\"https:\/\/www.carlosfotografo.com\/en\/wedding\/\" \/>\n<meta property=\"og:locale\" content=\"en_US\" \/>\n<meta property=\"og:type\" content=\"article\" \/>\n<meta property=\"og:title\" content=\"Bodas - Carlos Rodriguez\" \/>\n<meta property=\"og:description\" content=\"Llevo dedicado a la fotograf\u00eda de bodas desde hace m\u00e1s de 15 a\u00f1os y antes de nada quiero agradecerte que hayas llegado a mi web.\" \/>\n<meta property=\"og:url\" content=\"https:\/\/www.carlosfotografo.com\/en\/wedding\/\" \/>\n<meta property=\"og:site_name\" content=\"Carlos Rodriguez\" \/>\n<meta property=\"article:publisher\" content=\"https:\/\/www.facebook.com\/CarlosFotografoGijon\/\" \/>\n<meta property=\"article:modified_time\" content=\"2023-06-27T19:25:32+00:00\" \/>\n<meta property=\"og:image\" content=\"https:\/\/www.carlosfotografo.com\/wp-content\/uploads\/2023\/05\/0018.jpg\" \/>\n<meta name=\"twitter:card\" content=\"summary_large_image\" \/>\n<script type=\"application\/ld+json\" class=\"yoast-schema-graph\">{\"@context\":\"https:\\\/\\\/schema.org\",\"@graph\":[{\"@type\":\"WebPage\",\"@id\":\"https:\\\/\\\/www.carlosfotografo.com\\\/bodas\\\/\",\"url\":\"https:\\\/\\\/www.carlosfotografo.com\\\/bodas\\\/\",\"name\":\"Bodas - Carlos Rodriguez\",\"isPartOf\":{\"@id\":\"https:\\\/\\\/www.carlosfotografo.com\\\/#website\"},\"primaryImageOfPage\":{\"@id\":\"https:\\\/\\\/www.carlosfotografo.com\\\/bodas\\\/#primaryimage\"},\"image\":{\"@id\":\"https:\\\/\\\/www.carlosfotografo.com\\\/bodas\\\/#primaryimage\"},\"thumbnailUrl\":\"https:\\\/\\\/www.carlosfotografo.com\\\/wp-content\\\/uploads\\\/2023\\\/05\\\/0018.jpg\",\"datePublished\":\"2023-05-08T11:15:27+00:00\",\"dateModified\":\"2023-06-27T19:25:32+00:00\",\"description\":\"Llevo dedicado a la fotograf\u00eda de bodas desde hace m\u00e1s de 15 a\u00f1os y antes de nada quiero agradecerte que hayas llegado a mi web.\",\"breadcrumb\":{\"@id\":\"https:\\\/\\\/www.carlosfotografo.com\\\/bodas\\\/#breadcrumb\"},\"inLanguage\":\"en-US\",\"potentialAction\":[{\"@type\":\"ReadAction\",\"target\":[\"https:\\\/\\\/www.carlosfotografo.com\\\/bodas\\\/\"]}]},{\"@type\":\"ImageObject\",\"inLanguage\":\"en-US\",\"@id\":\"https:\\\/\\\/www.carlosfotografo.com\\\/bodas\\\/#primaryimage\",\"url\":\"https:\\\/\\\/www.carlosfotografo.com\\\/wp-content\\\/uploads\\\/2023\\\/05\\\/0018.jpg\",\"contentUrl\":\"https:\\\/\\\/www.carlosfotografo.com\\\/wp-content\\\/uploads\\\/2023\\\/05\\\/0018.jpg\"},{\"@type\":\"BreadcrumbList\",\"@id\":\"https:\\\/\\\/www.carlosfotografo.com\\\/bodas\\\/#breadcrumb\",\"itemListElement\":[{\"@type\":\"ListItem\",\"position\":1,\"name\":\"Inicio\",\"item\":\"https:\\\/\\\/www.carlosfotografo.com\\\/\"},{\"@type\":\"ListItem\",\"position\":2,\"name\":\"Bodas\"}]},{\"@type\":\"WebSite\",\"@id\":\"https:\\\/\\\/www.carlosfotografo.com\\\/#website\",\"url\":\"https:\\\/\\\/www.carlosfotografo.com\\\/\",\"name\":\"Carlos Rodriguez - Fot\u00f3grafo\",\"description\":\"Fot\u00f3grafo\",\"publisher\":{\"@id\":\"https:\\\/\\\/www.carlosfotografo.com\\\/#organization\"},\"potentialAction\":[{\"@type\":\"SearchAction\",\"target\":{\"@type\":\"EntryPoint\",\"urlTemplate\":\"https:\\\/\\\/www.carlosfotografo.com\\\/?s={search_term_string}\"},\"query-input\":{\"@type\":\"PropertyValueSpecification\",\"valueRequired\":true,\"valueName\":\"search_term_string\"}}],\"inLanguage\":\"en-US\"},{\"@type\":\"Organization\",\"@id\":\"https:\\\/\\\/www.carlosfotografo.com\\\/#organization\",\"name\":\"Carlos Rodriguez - Fot\u00f3grafo\",\"url\":\"https:\\\/\\\/www.carlosfotografo.com\\\/\",\"logo\":{\"@type\":\"ImageObject\",\"inLanguage\":\"en-US\",\"@id\":\"https:\\\/\\\/www.carlosfotografo.com\\\/#\\\/schema\\\/logo\\\/image\\\/\",\"url\":\"https:\\\/\\\/www.carlosfotografo.com\\\/wp-content\\\/uploads\\\/2023\\\/06\\\/web-nombre.png\",\"contentUrl\":\"https:\\\/\\\/www.carlosfotografo.com\\\/wp-content\\\/uploads\\\/2023\\\/06\\\/web-nombre.png\",\"width\":567,\"height\":567,\"caption\":\"Carlos Rodriguez - Fot\u00f3grafo\"},\"image\":{\"@id\":\"https:\\\/\\\/www.carlosfotografo.com\\\/#\\\/schema\\\/logo\\\/image\\\/\"},\"sameAs\":[\"https:\\\/\\\/www.facebook.com\\\/CarlosFotografoGijon\\\/\",\"https:\\\/\\\/www.instagram.com\\\/carlos_fotografo_gijon\\\/\"]}]}<\/script>\n<!-- \/ Yoast SEO plugin. -->","yoast_head_json":{"title":"Weddings - Carlos Rodriguez","description":"I have been dedicated to wedding photography for more than 15 years and first of all I want to thank you for coming to my website.","robots":{"index":"index","follow":"follow","max-snippet":"max-snippet:-1","max-image-preview":"max-image-preview:large","max-video-preview":"max-video-preview:-1"},"canonical":"https:\/\/www.carlosfotografo.com\/en\/wedding\/","og_locale":"en_US","og_type":"article","og_title":"Bodas - Carlos Rodriguez","og_description":"Llevo dedicado a la fotograf\u00eda de bodas desde hace m\u00e1s de 15 a\u00f1os y antes de nada quiero agradecerte que hayas llegado a mi web.","og_url":"https:\/\/www.carlosfotografo.com\/en\/wedding\/","og_site_name":"Carlos Rodriguez","article_publisher":"https:\/\/www.facebook.com\/CarlosFotografoGijon\/","article_modified_time":"2023-06-27T19:25:32+00:00","og_image":[{"url":"https:\/\/www.carlosfotografo.com\/wp-content\/uploads\/2023\/05\/0018.jpg","type":"","width":"","height":""}],"twitter_card":"summary_large_image","schema":{"@context":"https:\/\/schema.org","@graph":[{"@type":"WebPage","@id":"https:\/\/www.carlosfotografo.com\/bodas\/","url":"https:\/\/www.carlosfotografo.com\/bodas\/","name":"Weddings - Carlos Rodriguez","isPartOf":{"@id":"https:\/\/www.carlosfotografo.com\/#website"},"primaryImageOfPage":{"@id":"https:\/\/www.carlosfotografo.com\/bodas\/#primaryimage"},"image":{"@id":"https:\/\/www.carlosfotografo.com\/bodas\/#primaryimage"},"thumbnailUrl":"https:\/\/www.carlosfotografo.com\/wp-content\/uploads\/2023\/05\/0018.jpg","datePublished":"2023-05-08T11:15:27+00:00","dateModified":"2023-06-27T19:25:32+00:00","description":"I have been dedicated to wedding photography for more than 15 years and first of all I want to thank you for coming to my website.","breadcrumb":{"@id":"https:\/\/www.carlosfotografo.com\/bodas\/#breadcrumb"},"inLanguage":"en-US","potentialAction":[{"@type":"ReadAction","target":["https:\/\/www.carlosfotografo.com\/bodas\/"]}]},{"@type":"ImageObject","inLanguage":"en-US","@id":"https:\/\/www.carlosfotografo.com\/bodas\/#primaryimage","url":"https:\/\/www.carlosfotografo.com\/wp-content\/uploads\/2023\/05\/0018.jpg","contentUrl":"https:\/\/www.carlosfotografo.com\/wp-content\/uploads\/2023\/05\/0018.jpg"},{"@type":"BreadcrumbList","@id":"https:\/\/www.carlosfotografo.com\/bodas\/#breadcrumb","itemListElement":[{"@type":"ListItem","position":1,"name":"Inicio","item":"https:\/\/www.carlosfotografo.com\/"},{"@type":"ListItem","position":2,"name":"Bodas"}]},{"@type":"WebSite","@id":"https:\/\/www.carlosfotografo.com\/#website","url":"https:\/\/www.carlosfotografo.com\/","name":"Carlos Rodriguez - Photographer","description":"Photographer","publisher":{"@id":"https:\/\/www.carlosfotografo.com\/#organization"},"potentialAction":[{"@type":"SearchAction","target":{"@type":"EntryPoint","urlTemplate":"https:\/\/www.carlosfotografo.com\/?s={search_term_string}"},"query-input":{"@type":"PropertyValueSpecification","valueRequired":true,"valueName":"search_term_string"}}],"inLanguage":"en-US"},{"@type":"Organization","@id":"https:\/\/www.carlosfotografo.com\/#organization","name":"Carlos Rodriguez - Photographer","url":"https:\/\/www.carlosfotografo.com\/","logo":{"@type":"ImageObject","inLanguage":"en-US","@id":"https:\/\/www.carlosfotografo.com\/#\/schema\/logo\/image\/","url":"https:\/\/www.carlosfotografo.com\/wp-content\/uploads\/2023\/06\/web-nombre.png","contentUrl":"https:\/\/www.carlosfotografo.com\/wp-content\/uploads\/2023\/06\/web-nombre.png","width":567,"height":567,"caption":"Carlos Rodriguez - Fot\u00f3grafo"},"image":{"@id":"https:\/\/www.carlosfotografo.com\/#\/schema\/logo\/image\/"},"sameAs":["https:\/\/www.facebook.com\/CarlosFotografoGijon\/","https:\/\/www.instagram.com\/carlos_fotografo_gijon\/"]}]}},"_links":{"self":[{"href":"https:\/\/www.carlosfotografo.com\/en\/wp-json\/wp\/v2\/pages\/1090","targetHints":{"allow":["GET"]}}],"collection":[{"href":"https:\/\/www.carlosfotografo.com\/en\/wp-json\/wp\/v2\/pages"}],"about":[{"href":"https:\/\/www.carlosfotografo.com\/en\/wp-json\/wp\/v2\/types\/page"}],"author":[{"embeddable":true,"href":"https:\/\/www.carlosfotografo.com\/en\/wp-json\/wp\/v2\/users\/1"}],"replies":[{"embeddable":true,"href":"https:\/\/www.carlosfotografo.com\/en\/wp-json\/wp\/v2\/comments?post=1090"}],"version-history":[{"count":46,"href":"https:\/\/www.carlosfotografo.com\/en\/wp-json\/wp\/v2\/pages\/1090\/revisions"}],"predecessor-version":[{"id":1571,"href":"https:\/\/www.carlosfotografo.com\/en\/wp-json\/wp\/v2\/pages\/1090\/revisions\/1571"}],"wp:attachment":[{"href":"https:\/\/www.carlosfotografo.com\/en\/wp-json\/wp\/v2\/media?parent=1090"}],"curies":[{"name":"wp","href":"https:\/\/api.w.org\/{rel}","templated":true}]}}